{"id":98,"date":"2016-01-11T18:53:23","date_gmt":"2016-01-11T18:53:23","guid":{"rendered":"http:\/\/myriamferron.com\/?page_id=98"},"modified":"2024-12-05T11:55:31","modified_gmt":"2024-12-05T11:55:31","slug":"temoignages","status":"publish","type":"page","link":"https:\/\/myriamferron.com\/index.php\/temoignages\/","title":{"rendered":"T\u00e9moignages"},"content":{"rendered":"<p><strong>Gestion du stress, booster d&rsquo;\u00e9nergie :<\/strong><\/p>\n<p><em>\u00ab\u00a0Les soins de Myriam sont devenus une parenth\u00e8se b\u00e9n\u00e9fique dans un rythme soutenu, ils aident \u00e0 g\u00e9rer le stress, d\u00e9tendent et redonnent ce regain d&rsquo;\u00e9nergie, celui qui vous fait bouger les choses. Apr\u00e8s chaque s\u00e9ance ponctu\u00e9e de la bienveillance, de la douceur et de la positivit\u00e9 de Myriam, on se sent pr\u00eat \u00e0 d\u00e9placer des montagnes et \u00e0 s&rsquo;\u00e9couter un peu plus !\u00a0\u00bb<\/em> Marie C.<\/p>\n<p><strong>Naus\u00e9es, vertiges, c\u00e9phal\u00e9es :<br \/>\n<\/strong><i><br \/>\n\u00ab\u00a0J\u2019avais des sympt\u00f4mes de naus\u00e9es, vertiges et c\u00e9phal\u00e9es que rien ne semblait faire partir.<\/i> <i>Je suis all\u00e9e voir Myriam pour une r\u00e9flexologie cr\u00e2nienne, car j\u2019avais le sentiment qu\u2019une manipulation du cr\u00e2ne m\u2019en soulagerait . Myriam est d\u2019une grande gentillesse et tr\u00e8s \u00e0 l\u2019\u00e9coute . 2 jours apr\u00e8s la s\u00e9ance, plus de c\u00e9phal\u00e9es, les jours passaient et les sympt\u00f4mes disparaissaient les uns apr\u00e8s les\u00a0 autres. Je recommande vraiment Myriam , je suis ravie apr\u00e8s 2 mois de douleur j\u2019ai trouv\u00e9 le rem\u00e8de !\u00a0\u00bb Marina C. juin 2019<br \/>\n<\/i><strong><br \/>\nMigraines :<\/strong><\/p>\n<p><em>\u00ab\u00a0Tr\u00e8s satisfaite des soins prodigu\u00e9s par Myriam. Elle d\u00e9c\u00e8le vos petits bobos. J&rsquo;ai aussi test\u00e9 la r\u00e9flexologie cr\u00e2nienne durant un \u00e9pisode migraineux et j&rsquo;ai \u00e9t\u00e9 surprise du r\u00e9sultat imm\u00e9diat \u00e0 la fin de la s\u00e9ance. Pour moi la r\u00e9flexologie est une m\u00e9decine qui soigne mais surtout une m\u00e9decine qui permet d&rsquo;entretenir son capital \u00ab\u00a0Sant\u00e9\u00a0\u00bb si vous la mettez entre de bonnes mains.\u00a0\u00bb Cathy P.<\/em><\/p>\n<p><em>\u00ab\u00a0Le travail de Myriam est \u00e0 la fois doux et profond et s&rsquo;adapte aux besoins du moment. La r\u00e9flexologie m&rsquo;a permis de soulager efficacement mes crises de migraine et m&rsquo;apporte \u00e0 chaque fois un grand moment de d\u00e9tente\u00a0\u00bb.<\/em> Caroline G.<\/p>\n<p>\u00ab\u00a0<em>Partie ma mauvaise<\/em> migraine<em> qui me g\u00eanait depuis des ann\u00e9es. Merci Myriam Ferron\u00a0!\u00a0\u00bb<\/em>\u00a0. Claire O.L.D.<\/p>\n<p><strong>Maux de dos :<\/strong><\/p>\n<p><em>\u00ab\u00a0Sur les conseils d&rsquo;une amie je suis all\u00e9e voir Myriam il y a maintenant 1 an pour soigner des crises de sciatique r\u00e9currentes qui perturbaient mon sommeil, ma marche, mon humeur et mon \u00e9nergie. En 2 s\u00e9ances les douleurs ont disparu, j&rsquo;ai retrouv\u00e9 un sommeil r\u00e9gulier et ne suis plus\u00a0 g\u00ean\u00e9e par ces douleurs chroniques. En plus d&rsquo;une \u00e9coute fine et d&rsquo;une douceur adapt\u00e9e, Myriam permet de profiter pleinement de la s\u00e9ance, dans la d\u00e9tente et le calme. Je n&rsquo;h\u00e9site pas \u00e0 retourner la voir quand je sens des tensions s&rsquo;installer, je sais que je sors de son cabinet parfaitement\u00a0 en forme. Je recommande !\u00a0\u00bb<\/em> Christelle B.<\/p>\n<p><em>\u00ab\u00a0Sur les conseils insistants de ma femme, j&rsquo;ai consult\u00e9 une r\u00e9flexologue pour mon mal de dos chronique. Myriam Ferron consulte dans son cabinet calme et \u00e9l\u00e9gant. La s\u00e9ance d\u00e9bute par une phase de relaxation par massage des pieds suivie par la phase de soins. Myriam Ferron appuie sur des zones sp\u00e9cialis\u00e9es de la vo\u00fbte plantaire.\u00a0Elle a tr\u00e8s vite localis\u00e9 la zone douloureuse de mon dos et l&rsquo;a particuli\u00e8rement travaill\u00e9e. D\u00e8s la premi\u00e8re s\u00e9ance, l&rsquo;intensit\u00e9 de ma douleur avait franchement baiss\u00e9. Apr\u00e8s plusieurs, mon mal de dos avait disparu. Maintenant d\u00e8s que les premi\u00e8res douleurs ou tensions apparaissent, je n&rsquo;h\u00e9site plus \u00e0 prendre rdv.\u00a0\u00bb <\/em>Philippe C.<\/p>\n<p><i>\u00ab\u00a0Bonjour, je suis Mme A. J\u2019ai offert un soin \u00e0 mon amie qui va bient\u00f4t se faire op\u00e9rer du dos. Elle a \u00e9t\u00e9 enchant\u00e9e de sa s\u00e9ance avec vous. Cela lui a fait un bien fou et elle compte revenir rapidement. Merci de l\u2019avoir d\u00e9stress\u00e9e et je vais moi aussi prendre rendez-vous avec vous tr\u00e8s prochain<\/i>ement <span style=\"font-size: 10pt;\"><img decoding=\"async\" src=\"https:\/\/msc01.s-sfr.fr\/fr_FR\/smiley\/c_regular_smile.png\" alt=\"sourire\" data-imagetype=\"External\" \/><\/span>\u00ab\u00a0<i>. <\/i>Mme A.<\/p>\n<p><strong>D\u00e9tressant, bien-\u00eatre, relaxation :<\/strong><\/p>\n<p><em>\u00ab\u00a0Tr\u00e8s bon accueil, personne tr\u00e8s disponible, ouverte, tr\u00e8s \u00e0 l&rsquo;\u00e9coute. L&rsquo;espace d&rsquo;attente : agr\u00e9able. Cabinet propre. Soins : apr\u00e8s une s\u00e9ance, je ressens une d\u00e9tente, un apaisement, un ressenti de bien \u00eatre. Si j&rsquo;avais \u00e0 la recommander :\u00a0<\/em><em><img loading=\"lazy\" decoding=\"async\" src=\"https:\/\/msc01.s-sfr.fr\/fr_FR\/smiley\/c_regular_smile.png\" alt=\"sourire\" width=\"22\" height=\"22\" data-imagetype=\"External\" \/><img decoding=\"async\" src=\"https:\/\/msc01.s-sfr.fr\/fr_FR\/smiley\/c_regular_smile.png\" alt=\"sourire\" data-imagetype=\"External\" \/><img decoding=\"async\" src=\"https:\/\/msc01.s-sfr.fr\/fr_FR\/smiley\/c_regular_smile.png\" alt=\"sourire\" data-imagetype=\"External\" \/>\u00ab\u00a0.<\/em> Laurence M.<\/p>\n<p><em>\u00ab\u00a0Des doigts de f\u00e9e, une grande attention et une douceur apaisante : merci Myriam <span style=\"font-size: 10pt;\"><img decoding=\"async\" src=\"https:\/\/msc01.s-sfr.fr\/fr_FR\/smiley\/c_regular_smile.png\" alt=\"sourire\" data-imagetype=\"External\" \/><\/span>\u00ab\u00a0.<\/em> S\u00e9verine B.<\/p>\n<p><em>\u00a0\u00ab\u00a0<\/em><em>Prestation remarquable, un v\u00e9ritable moment d&rsquo;\u00e9vasion et de bien \u00eatre\u00a0\u00bb.\u00a0<\/em>Meziane C.<\/p>\n<p><em>\u00ab\u00a0Mme Ferron, avec beaucoup de douceur, a su trouv\u00e9 l\u00e0 o\u00f9 j&rsquo; avais mal. Elle a su me d\u00e9tendre, elle fait aussi un bon suivi\u00a0\u00bb.<\/em> Arlette D.<\/p>\n<p><em>\u00ab\u00a0Je recommande la r\u00e9flexologie plantaire. Je suis impressionn\u00e9e par l&rsquo;expertise sur l&rsquo;\u00e9tat de sant\u00e9 et les troubles que Myriam Ferron peut d\u00e9celer en utilisant uniquement les points de pression. Prise en charge de tr\u00e8s bonne qualit\u00e9, tr\u00e8s professionnelle. Je suis impressionn\u00e9e\u00a0\u00bb.<\/em> Katia S.<\/p>\n<p><em>\u00ab\u00a0Son \u00e9coute, des conseils, la pr\u00e9cision de ses gestes et sa gentillesse\u00a0\u00bb.\u00a0<\/em>Christina V.<\/p>\n<p><em>\u00ab\u00a0Praticienne tr\u00e8s douce et professionnelle, met de suite \u00e0 l&rsquo;aise\u00a0\u00bb.<\/em> Myl\u00e8ne L.<\/p>\n<p><em>\u00ab\u00a0Sa gentillesse, son calme, ses explications on sort agrandi\u00a0\u00bb.\u00a0<\/em>Jacqueline H.<\/p>\n<p><em>\u00ab\u00a0Je recommande pour d\u00e9stresser et un bienfait r\u00e9el apr\u00e8s la s\u00e9ance. Tr\u00e8s bon contact et tr\u00e8s \u00e0 l&rsquo;\u00e9coute de la personne\u00a0\u00bb.<\/em> Christian T.<\/p>\n<p><em>\u00ab\u00a0Son exp\u00e9rience, sa disponibilit\u00e9 et le r\u00e9el bien-\u00eatre apport\u00e9\u00a0\u00bb.\u00a0<\/em>Jocelyne A. juin 2015<\/p>\n<p><em>\u00ab\u00a0Mes remerciements pour un moment de relaxation totale !\u00a0\u00bb. <\/em>Mme\u00a0O.<\/p>\n<p><em>\u00ab\u00a0Je vous remercie pour le bien-\u00eatre que vous m\u2019avez apport\u00e9\u00a0\u00bb. <\/em>Mr A.<\/p>\n<p><em>\u00ab\u00a0Soin de r\u00e9flexologie plantaire tr\u00e8s agr\u00e9able. d\u00e9marche professionnelle, avec beaucoup de douceur. Cabinet \u00e9galement neuf, et tr\u00e8s agr\u00e9able, au pied du m\u00e9tro Nation. Je recommande vivement !\u00a0\u00bb.<\/em> C\u00e9line H.<\/p>\n<p><em>\u00ab\u00a0Merci de votre \u00e9coute, vous \u00eates aux petits soins avec vos clients. J\u2019ai pass\u00e9 1 heure loin de ce monde de brutes !<br \/>\nSi vous \u00eates en recherche de d\u00e9tente, d&rsquo;un moment de r\u00e9pit et s\u00e9r\u00e9nit\u00e9 accompagn\u00e9e d&rsquo;\u00e9coute et gentillesse dans un cadre zen et agr\u00e9able, je vous recommande les soins de son cabinet &#8230; \u00ab\u00a0. <\/em>Edilaine S.<\/p>\n<p><em>\u00ab\u00a0Une personne tr\u00e8s professionnelle, \u00e0 l\u2019\u00e9coute de votre bien-\u00eatre. De plus, elle vous re\u00e7oit dans un joli cabinet. N\u2019h\u00e9sitez pas \u00e0 y aller, je vous recommande\u00a0\u00bb.<\/em> Priscillia C.<\/p>\n<p><em>\u00ab\u00a0J\u2019ai beaucoup aim\u00e9 votre accueil et votre approche. Votre cadre de travail est tr\u00e8s agr\u00e9able et la s\u00e9ance s\u2019est r\u00e9v\u00e9l\u00e9e tr\u00e8s b\u00e9n\u00e9fique. Merci !\u00a0\u00bb.<\/em> Jean-Claude B.<\/p>\n<p><b>Circulation sanguine<\/b><\/p>\n<p>\u00ab\u00a0<em>J\u2019ai test\u00e9 pour la 1\u00e8re fois la r\u00e9flexologie par curiosit\u00e9. Une heure de soin dans une ambiance cosy (musique douce, odeurs). Sensations ressenties le long des jambes, dans le ventre, jusqu\u2019aux organes\u2026 d\u00e9tente jusqu\u2019\u00e0 endormissement.<br \/>\nExp\u00e9rience renouvel\u00e9e rapidement.\u00a0La manipulation au niveau de la lymphe a permis de r\u00e9sorber un h\u00e9matome sur mon tibia et a att\u00e9nu\u00e9 la douleur associ\u00e9e jusqu\u2019\u00e0 disparition.Je recommande vivement de profiter des soins propos\u00e9s par Myriam Ferron.\u00a0Un moment de bien \u00eatre et de repos complet\u00a0\u00bb.<\/em> Vanessa M.<\/p>\n<p><strong>L\u00e2cher prise<\/strong><\/p>\n<p><em>\u00ab\u00a0Pour avoir re\u00e7u diff\u00e9rents types de massages au cours de ces derni\u00e8res ann\u00e9es, le soin que m\u2019a apport\u00e9 Myriam est l\u2019un des meilleurs que j\u2019ai pu vivre. Je l\u2019ai sentie tr\u00e8s \u00e0 l\u2019\u00e9coute de l\u2019autre. Elle a cibl\u00e9 tr\u00e8s rapidement les zones de blocage, de tension pour ensuite les apaiser. Si habituellement c\u2019est apr\u00e8s une s\u00e9ance que je ressens les bienfaits, ici c\u2019\u00e9tait surtout pendant. J\u2019ai senti que quelque chose circulait mieux, que des \u00e9changes se faisaient. Ces douces sensations de frissons au niveau du dos, de chaud puis de froid par moment, de fourmillements jusque dans la m\u00e2choire, tout ceci m\u2019indique qu\u2019il se passait quelque chose \u00e0 l\u2019int\u00e9rieur. On l\u00e2che prise jusqu\u2019\u00e0 fr\u00f4ler l\u2019endormissement tellement on se sent gagn\u00e9e par une sorte de l\u00e9g\u00e8ret\u00e9. Je recommande\u00a0\u00bb.<\/em> Laurence D.<\/p>\n<p><em>\u00ab\u00a0Avant : la perspective joyeuse d\u20191 heure de pure d\u00e9tente. <\/em><br \/>\n<em>Pendant : un moment hors du temps.<\/em><br \/>\n<em> Apr\u00e8s : la s\u00e9r\u00e9nit\u00e9 retrouv\u00e9e. <\/em><br \/>\n<em>Et encore apr\u00e8s, le lendemain matin, une grande surprise : j\u2019\u00e9tais de tr\u00e8s bonne humeur, ce qui ne m\u2019\u00e9tait pas arriv\u00e9 depuis des mois, si ce n\u2019est des ann\u00e9es !!!\u00a0\u00bb. <\/em>Claire P.<\/p>\n<div><em>\u00ab\u00a0Myriam masse avec beaucoup de g\u00e9n\u00e9rosit\u00e9 et d\u2019amour de son m\u00e9tier. C\u2019est extr\u00eamement reposant et apaisant de lui confier ses pieds. A chaque fois qu\u2019elle me masse, je suis tout proche de l\u2019endormissement.<\/em><\/div>\n<div><em>Myriam peut rel\u00e2cher certaines parties du corps tendues ou qui nous font mal en massant le point correspondant au niveau des pieds.<\/em><\/div>\n<div><em>Je vous recommande chaudement\u00a0ses massages plantaires\u00a0\u00bb.<\/em> Sophie L.<\/div>\n<div id=\"jp-post-flair\" class=\"sharedaddy sd-like-enabled sd-sharing-enabled\"><\/div>\n","protected":false},"excerpt":{"rendered":"<p>Gestion du stress, booster d&rsquo;\u00e9nergie : \u00ab\u00a0Les soins de Myriam sont devenus une parenth\u00e8se b\u00e9n\u00e9fique dans un rythme soutenu, ils aident \u00e0 g\u00e9rer le stress, d\u00e9tendent et redonnent ce regain d&rsquo;\u00e9nergie, celui qui vous fait bouger les choses. Apr\u00e8s chaque s\u00e9ance ponctu\u00e9e de la bienveillance, de la douceur et de la positivit\u00e9 de Myriam, on [&hellip;]<\/p>\n","protected":false},"author":1,"featured_media":0,"parent":0,"menu_order":0,"comment_status":"closed","ping_status":"closed","template":"","meta":{"footnotes":""},"class_list":["post-98","page","type-page","status-publish","hentry"],"_links":{"self":[{"href":"https:\/\/myriamferron.com\/index.php\/wp-json\/wp\/v2\/pages\/98","targetHints":{"allow":["GET"]}}],"collection":[{"href":"https:\/\/myriamferron.com\/index.php\/wp-json\/wp\/v2\/pages"}],"about":[{"href":"https:\/\/myriamferron.com\/index.php\/wp-json\/wp\/v2\/types\/page"}],"author":[{"embeddable":true,"href":"https:\/\/myriamferron.com\/index.php\/wp-json\/wp\/v2\/users\/1"}],"replies":[{"embeddable":true,"href":"https:\/\/myriamferron.com\/index.php\/wp-json\/wp\/v2\/comments?post=98"}],"version-history":[{"count":11,"href":"https:\/\/myriamferron.com\/index.php\/wp-json\/wp\/v2\/pages\/98\/revisions"}],"predecessor-version":[{"id":931,"href":"https:\/\/myriamferron.com\/index.php\/wp-json\/wp\/v2\/pages\/98\/revisions\/931"}],"wp:attachment":[{"href":"https:\/\/myriamferron.com\/index.php\/wp-json\/wp\/v2\/media?parent=98"}],"curies":[{"name":"wp","href":"https:\/\/api.w.org\/{rel}","templated":true}]}}